{"id":41502,"date":"2020-02-10T17:53:58","date_gmt":"2020-02-10T16:53:58","guid":{"rendered":"https:\/\/remax-stbarths.com\/vie-privee-et-conditions-dutilisation\/"},"modified":"2025-02-07T11:05:55","modified_gmt":"2025-02-07T10:05:55","slug":"confidentialite-et-conditions-generales","status":"publish","type":"page","link":"https:\/\/remax-stbarths.com\/fr\/confidentialite-et-conditions-generales\/","title":{"rendered":"Confidentialit\u00e9 et conditions g\u00e9n\u00e9rales"},"content":{"rendered":"<h2><\/h2>\n<h2><span class=\"HwtZe\" lang=\"fr\"><span class=\"jCAhz ChMk0b\"><span class=\"ryNqvb\">Mentions l\u00e9gales<\/span><\/span><\/span><\/h2>\n<div class=\"copy-text\">\n<h3><span class=\"HwtZe\" lang=\"fr\"><span class=\"jCAhz ChMk0b\"><span class=\"ryNqvb\">Avertissement<\/span><\/span><\/span><\/h3>\n<p><span class=\"HwtZe\" lang=\"fr\"><span class=\"jCAhz ChMk0b\"><span class=\"ryNqvb\">RE\/MAX Island Properties St Barths est une agence immobili\u00e8re.<\/span><\/span> <span class=\"jCAhz ChMk0b\"><span class=\"ryNqvb\">Les descriptions des biens figurant sur le site sont susceptibles d&rsquo;\u00eatre modifi\u00e9es et ne peuvent \u00e0 aucun moment \u00eatre consid\u00e9r\u00e9es comme contractuelles.<\/span><\/span> <span class=\"jCAhz ChMk0b\"><span class=\"ryNqvb\">Les prix annonc\u00e9s n&rsquo;incluent pas la taxe d&rsquo;habitation administrative et locale.<\/span><\/span> <span class=\"jCAhz ChMk0b\"><span class=\"ryNqvb\">RE\/MAX Island Properties St Barths se r\u00e9serve le droit de mettre \u00e0 jour \u00e0 tout moment les pr\u00e9sentes conditions.<\/span><\/span> <span class=\"jCAhz ChMk0b\"><span class=\"ryNqvb\">Nous conseillons vivement \u00e0 nos visiteurs de consulter r\u00e9guli\u00e8rement ces conditions.<\/span><\/span><\/span><\/p>\n<h3>Informations g\u00e9n\u00e9rales<\/h3>\n<p>Le pr\u00e9sent site www.remax-stbarths.com est la propri\u00e9t\u00e9 de la soci\u00e9t\u00e9 Gecko Cara\u00efbes, repr\u00e9sent\u00e9e par le g\u00e9rant Max VanderNoot : Soci\u00e9t\u00e9 Anonyme au capital de 7 500 Euros Rue Samuel Fahlberg Gustavia 97133 Saint-Barth\u00e9lemy T\u00e9l : 05 90 29 78 20 Fax : 05 90 87 12 55 info@remax-stbarths.com RCS : 478 794 738 ; n\u00b0 de gestion : 2004 B 495 SIRET : 478 794 738 000 11 \u2013 Carte Professionnelle CPI 9771 2016 000 010 973 \u2013 Transaction sur Immeuble et Fonds de Commerce, Gestion Immobili\u00e8re d\u00e9livr\u00e9e par la CEM de Saint Barth\u00e9lemy. Garantie financi\u00e8re SO.CA.F transaction 110 000 Euros \u2013 gestion 1 350 000 Euros.<\/p>\n<h3>Propri\u00e9t\u00e9 intellectuelle et cr\u00e9dits photographiques<\/h3>\n<p>L\u2019ensemble des informations, textes, donn\u00e9es, photographies, images et tous autres \u00e9l\u00e9ments publi\u00e9s sur le site sont prot\u00e9g\u00e9s par des droits de propri\u00e9t\u00e9 intellectuelle. A ce titre, aucun utilisateur ne peut utiliser ces \u00e9l\u00e9ments en dehors d\u2019un usage priv\u00e9. Toute violation de ces conditions, toute reproduction, repr\u00e9sentation, utilisation ou adoption, sous quelque forme que ce soit, totale ou partielle du site sans l\u2019autorisation \u00e9crite de RE\/MAX Island Properties St Barths sera consid\u00e9r\u00e9e comme un acte de copie et sera sanctionn\u00e9e au titre de la propri\u00e9t\u00e9 intellectuelle.<\/p>\n<h3>Cr\u00e9dits photographiques<\/h3>\n<p>Les photographies des biens pr\u00e9sent\u00e9s sont la propri\u00e9t\u00e9 de RE\/MAX Island Properties St Barths et des propri\u00e9taires des biens. Nous remercions \u00e9galement les sites suivants pour leur contribution photographique :<br \/>\n\u2022 Max VanderNoot<br \/>\n\u2022 Jouf Design<br \/>\n\u2022 Abiga\u00efl Leese<br \/>\n\u2022 Alexandre Abela<br \/>\n\u2022 Laurent Beno\u00eet<br \/>\n\u2022 Pierre Carreau<br \/>\n\u2022 Philippe Hochart<br \/>\n\u2022 Jean-Philippe Piter<br \/>\n\u2022 G\u00e9rald Tessier<br \/>\n\u2022 Tony Duarte<\/p>\n<h3>Loi sur l\u2019informatique, fichiers et libert\u00e9<\/h3>\n<p>Conform\u00e9ment \u00e0 la loi du 6 janvier 1978 relative \u00e0 l\u2019informatique, aux fichiers et aux libert\u00e9s et \u00e0 l\u2019article 43 de la loi du 30 septembre 1986 modifi\u00e9e, le site a fait l\u2019objet d\u2019une d\u00e9claration aupr\u00e8s de la Commission Nationale de l\u2019Informatique et des Libert\u00e9s sous le num\u00e9ro 1317110. Les utilisateurs du site sont tenus de respecter les dispositions de la loi relative \u00e0 l\u2019informatique, aux fichiers et aux libert\u00e9s, dont la violation est passible de sanctions p\u00e9nales. Il est strictement interdit d\u2019utiliser ou de collecter les informations donn\u00e9es qui apparaissent sur le site, de quelque mani\u00e8re que ce soit, diverse ou g\u00e9n\u00e9rale, qui pourrait avoir un effet sur la vie personnelle ou la r\u00e9putation d\u2019autrui. Conform\u00e9ment \u00e0 l\u2019article 34 de la loi Informatique et Libert\u00e9s n\u00b0 78-17 du 6 janvier 1978, le client dispose d\u2019un droit d\u2019acc\u00e8s, de modification, de rectification et de suppression des donn\u00e9es qui le concernent. Ce droit peut \u00eatre exerc\u00e9 par courrier \u00e9lectronique ou par lettre.<\/p>\n<h3>Droit applicable aux litiges<\/h3>\n<p>Les pr\u00e9sentes conditions g\u00e9n\u00e9rales sont soumises au droit fran\u00e7ais. En cas de litige, les tribunaux fran\u00e7ais sont seuls comp\u00e9tents, sauf mention contraire dans les conditions g\u00e9n\u00e9rales.<\/p>\n<h3>D\u00e9tails de la collecte de donn\u00e9es<\/h3>\n<h2 style=\"font-size: 1.3em; font-family: -apple-system, system-ui, 'Segoe UI', Roboto, Oxygen-Sans, Ubuntu, Cantarell, 'Helvetica Neue', sans-serif; background-color: #f1f1f1;\">Source: WordPress<\/h2>\n<div class=\"policy-text\" style=\"color: #444444; font-family: -apple-system, system-ui, 'Segoe UI', Roboto, Oxygen-Sans, Ubuntu, Cantarell, 'Helvetica Neue', sans-serif; font-size: 13px; background-color: #f1f1f1;\">\n<div class=\"wp-suggested-text\">\n<h2 style=\"font-size: 1.3em; margin-top: 1.2em; padding: 0px;\">Qui sommes-nous ?<\/h2>\n<p>Dans cette section, vous devez indiquer l\u2019URL de votre site, ainsi que le nom de l\u2019entreprise, de l\u2019organisation ou de la personne qui en est \u00e0 l\u2019origine, et quelques informations de contact pr\u00e9cises.<br \/>\nLa quantit\u00e9 d\u2019informations que vous pouvez \u00eatre amen\u00e9 \u00e0 fournir varie en fonction des r\u00e9glementations commerciales locales ou nationales. Vous pouvez, par exemple, \u00eatre tenu d\u2019indiquer une adresse physique, une adresse enregistr\u00e9e ou le num\u00e9ro d\u2019enregistrement de votre entreprise.<br \/>\nTexte propos\u00e9 : L\u2019adresse de notre site web est : https:\/\/www.remax-stbarths.com.<\/p>\n<h2 style=\"font-size: 1.3em; margin-top: 1.2em; padding: 0px;\">Quelles sont les donn\u00e9es personnelles que nous recueillons et pourquoi nous les recueillons ?<\/h2>\n<p>Dans cette section, vous devez indiquer les donn\u00e9es personnelles que vous collectez aupr\u00e8s des utilisateurs et des visiteurs du site. Il peut s\u2019agir de donn\u00e9es personnelles, telles que le nom, l\u2019adresse \u00e9lectronique, les pr\u00e9f\u00e9rences de compte personnel ; de donn\u00e9es transactionnelles, telles que les informations sur les achats ; et de donn\u00e9es techniques, telles que les informations sur les cookies.<br \/>\nVous devez \u00e9galement noter toute collecte et conservation de donn\u00e9es personnelles sensibles, telles que les donn\u00e9es relatives \u00e0 la sant\u00e9.<br \/>\nOutre la liste des donn\u00e9es \u00e0 caract\u00e8re personnel que vous collectez, vous devez indiquer pourquoi vous les collectez. Ces explications doivent mentionner soit la base juridique de la collecte et de la conservation des donn\u00e9es, soit le consentement actif donn\u00e9 par l\u2019utilisateur.<br \/>\nLes donn\u00e9es personnelles ne sont pas seulement cr\u00e9\u00e9es par les interactions d\u2019un utilisateur avec votre site. Elles sont \u00e9galement g\u00e9n\u00e9r\u00e9es par des processus techniques tels que les formulaires de contact, les commentaires, les cookies, les outils d\u2019analyse et les \u00e9l\u00e9ments int\u00e9gr\u00e9s par des tiers.<br \/>\nPar d\u00e9faut, WordPress ne collecte aucune donn\u00e9e personnelle sur les visiteurs, et ne collecte que les donn\u00e9es affich\u00e9es sur l\u2019\u00e9cran du profil de l\u2019utilisateur pour les utilisateurs enregistr\u00e9s. Cependant, certains de vos plugins peuvent collecter des donn\u00e9es personnelles. Vous devez ajouter les informations pertinentes ci-dessous.<\/p>\n<h3 style=\"font-size: 1.2em; margin-bottom: 0.5em;\">Commentaires<\/h3>\n<p>Dans cette sous-section, vous devez noter quelles informations sont captur\u00e9es par les commentaires. Nous avons not\u00e9 les donn\u00e9es que WordPress collecte par d\u00e9faut.<br \/>\nTexte sugg\u00e9r\u00e9 : Lorsque les visiteurs laissent des commentaires sur le site, nous collectons les donn\u00e9es figurant dans le formulaire de commentaires, ainsi que l\u2019adresse IP du visiteur et la cha\u00eene de l\u2019agent utilisateur du navigateur afin de faciliter la d\u00e9tection des spams.<br \/>\nUne cha\u00eene anonyme cr\u00e9\u00e9e \u00e0 partir de votre adresse \u00e9lectronique (\u00e9galement appel\u00e9e \u00ab\u00a0hash\u00a0\u00bb) peut \u00eatre fournie au service Gravatar pour v\u00e9rifier si vous l\u2019utilisez. La politique de confidentialit\u00e9 du service Gravatar est disponible ici : https:\/\/automattic.com\/privacy\/. Apr\u00e8s approbation de votre commentaire, votre photo de profil est visible par le public dans le contexte de votre commentaire.<\/p>\n<h3 style=\"font-size: 1.2em; margin-bottom: 0.5em;\">Les m\u00e9dias<\/h3>\n<p>Dans cette sous-section, vous devez noter quelles informations peuvent \u00eatre divulgu\u00e9es par les utilisateurs qui peuvent t\u00e9l\u00e9charger des fichiers multim\u00e9dias. Tous les fichiers t\u00e9l\u00e9charg\u00e9s sont g\u00e9n\u00e9ralement accessibles au public.<br \/>\nTexte sugg\u00e9r\u00e9 : Si vous t\u00e9l\u00e9chargez des images sur le site web, vous devez \u00e9viter de t\u00e9l\u00e9charger des images contenant des donn\u00e9es de localisation (EXIF GPS). Les visiteurs du site web peuvent t\u00e9l\u00e9charger et extraire toutes les donn\u00e9es de localisation des images sur le site web.<\/p>\n<h3 style=\"font-size: 1.2em; margin-bottom: 0.5em;\">Formulaires de contact<\/h3>\n<p class=\"privacy-policy-tutorial\" style=\"font-size: 13px; line-height: 1.5;\">Par d\u00e9faut, WordPress n\u2019inclut pas de formulaire de contact. Si vous utilisez un plugin de formulaire de contact, utilisez cette sous-section pour noter quelles donn\u00e9es personnelles sont captur\u00e9es lorsqu\u2019une personne soumet un formulaire de contact, et combien de temps vous les conservez. Par exemple, vous pouvez indiquer que vous conservez les formulaires de contact pendant un certain temps \u00e0 des fins de service \u00e0 la client\u00e8le, mais que vous n\u2019utilisez pas les informations qu\u2019ils contiennent \u00e0 des fins de marketing.<\/p>\n<h3 style=\"font-size: 1.2em; margin-bottom: 0.5em;\">Cookies<\/h3>\n<p>Dans cette sous-section, vous devez dresser la liste des cookies utilis\u00e9s par votre site web, y compris ceux d\u00e9finis par vos plugins, les m\u00e9dias sociaux et les outils d\u2019analyse. Nous avons fourni les cookies que WordPress installe par d\u00e9faut.<br \/>\nTexte sugg\u00e9r\u00e9 : Si vous laissez un commentaire sur notre site, vous pouvez accepter que votre nom, votre adresse \u00e9lectronique et votre site web soient enregistr\u00e9s dans des cookies. Ces cookies sont destin\u00e9s \u00e0 vous faciliter la t\u00e2che, de sorte que vous n\u2019ayez pas \u00e0 remplir \u00e0 nouveau vos coordonn\u00e9es lorsque vous laissez un autre commentaire. Ces cookies ont une dur\u00e9e de vie d\u2019un an.<br \/>\nSi vous avez un compte et que vous vous connectez \u00e0 ce site, nous installerons un cookie temporaire pour d\u00e9terminer si votre navigateur accepte les cookies. Ce cookie ne contient aucune donn\u00e9e personnelle et est supprim\u00e9 lorsque vous fermez votre navigateur.<br \/>\nLorsque vous vous connectez, nous installons \u00e9galement plusieurs cookies pour enregistrer vos informations de connexion et vos choix d\u2019affichage \u00e0 l\u2019\u00e9cran. Les cookies de connexion ont une dur\u00e9e de vie de deux jours et les cookies d\u2019options d\u2019\u00e9cran ont une dur\u00e9e de vie d\u2019un an. Si vous s\u00e9lectionnez l\u2019option \u00ab\u00a0Se souvenir de moi\u00a0\u00bb, votre connexion sera conserv\u00e9e pendant deux semaines. Si vous vous d\u00e9connectez de votre compte, les cookies de connexion seront supprim\u00e9s.<br \/>\nSi vous modifiez ou publiez un article, un cookie suppl\u00e9mentaire sera enregistr\u00e9 dans votre navigateur. Ce cookie ne contient aucune donn\u00e9e personnelle et indique simplement l\u2019identifiant de l\u2019article que vous venez de modifier. Il expire apr\u00e8s 1 jour.<\/p>\n<h3 style=\"font-size: 1.2em; margin-bottom: 0.5em;\">Contenu int\u00e9gr\u00e9 d\u2019autres sites web<\/h3>\n<p>Texte sugg\u00e9r\u00e9 : Les articles de ce site peuvent contenir du contenu int\u00e9gr\u00e9 (par exemple des vid\u00e9os, des images, des articles, etc.). Le contenu int\u00e9gr\u00e9 provenant d\u2019autres sites web se comporte exactement de la m\u00eame mani\u00e8re que si le visiteur avait visit\u00e9 l\u2019autre site web.<br \/>\nCes sites web peuvent collecter des donn\u00e9es vous concernant, utiliser des cookies, int\u00e9grer un suivi suppl\u00e9mentaire par des tiers et surveiller votre interaction avec ce contenu int\u00e9gr\u00e9, y compris votre interaction avec le contenu int\u00e9gr\u00e9 si vous avez un compte et que vous \u00eates connect\u00e9 \u00e0 ce site web.<\/p>\n<h3 style=\"font-size: 1.2em; margin-bottom: 0.5em;\">Analyse<\/h3>\n<p>Dans cette sous-section, vous devez indiquer le logiciel d\u2019analyse que vous utilisez, la mani\u00e8re dont les utilisateurs peuvent refuser le suivi analytique et un lien vers la politique de confidentialit\u00e9 de votre fournisseur d\u2019analyse, le cas \u00e9ch\u00e9ant.<br \/>\nPar d\u00e9faut, WordPress ne collecte aucune donn\u00e9e d\u2019analyse. Cependant, de nombreux comptes d\u2019h\u00e9bergement web collectent des donn\u00e9es d\u2019analyse anonymes. Vous pouvez \u00e9galement avoir install\u00e9 un plugin WordPress qui fournit des services d\u2019analyse. Dans ce cas, ajoutez les informations de ce plugin ici.<\/p>\n<h2 style=\"font-size: 1.3em; margin-top: 1.2em; padding: 0px;\">Avec qui partageons-nous vos donn\u00e9es ?<\/h2>\n<p>Dans cette section, vous devez nommer et \u00e9num\u00e9rer tous les fournisseurs tiers avec lesquels vous partagez des donn\u00e9es sur le site, y compris les partenaires, les services en nuage, les processeurs de paiement et les fournisseurs de services tiers, et indiquer quelles donn\u00e9es vous partagez avec eux et pourquoi. Si possible, \u00e9tablissez un lien vers leurs propres politiques de confidentialit\u00e9.<br \/>\nPar d\u00e9faut, WordPress ne partage aucune donn\u00e9e personnelle avec qui que ce soit.<\/p>\n<h2 style=\"font-size: 1.3em; margin-top: 1.2em; padding: 0px;\">Dur\u00e9e de conservation de vos donn\u00e9es<\/h2>\n<p>Dans cette section, vous devez expliquer pendant combien de temps vous conservez les donn\u00e9es \u00e0 caract\u00e8re personnel collect\u00e9es ou trait\u00e9es par le site web. Bien qu\u2019il vous incombe d\u2019\u00e9tablir le calendrier de conservation de chaque ensemble de donn\u00e9es et les raisons pour lesquelles vous les conservez, ces informations doivent figurer dans cette section. Par exemple, vous pouvez indiquer que vous conservez les donn\u00e9es saisies dans les formulaires de contact pendant six mois, les donn\u00e9es analytiques pendant un an et les donn\u00e9es relatives aux achats effectu\u00e9s par les clients pendant dix ans.<br \/>\nTexte propos\u00e9 : Si vous laissez un commentaire, celui-ci et ses m\u00e9tadonn\u00e9es sont conserv\u00e9s ind\u00e9finiment. Cela nous permet de reconna\u00eetre et d\u2019approuver automatiquement les commentaires de suivi au lieu de les conserver dans une file d\u2019attente de mod\u00e9ration.<br \/>\nPour les utilisateurs qui s\u2019inscrivent sur notre site web (le cas \u00e9ch\u00e9ant), nous stockons \u00e9galement les informations personnelles qu\u2019ils fournissent dans leur profil d\u2019utilisateur. Tous les utilisateurs peuvent voir, modifier ou supprimer leurs informations personnelles \u00e0 tout moment (sauf qu\u2019ils ne peuvent pas changer leur nom d\u2019utilisateur). Les administrateurs du site web peuvent \u00e9galement consulter et modifier ces informations.<\/p>\n<h2 style=\"font-size: 1.3em; margin-top: 1.2em; padding: 0px;\">Quels sont vos droits sur vos donn\u00e9es ?<\/h2>\n<p>Dans cette section, vous devez expliquer quels sont les droits de vos utilisateurs sur leurs donn\u00e9es et comment ils peuvent invoquer ces droits.<br \/>\nTexte sugg\u00e9r\u00e9 : Si vous avez un compte sur ce site, ou si vous avez laiss\u00e9 des commentaires, vous pouvez demander \u00e0 recevoir un fichier export\u00e9 des donn\u00e9es personnelles que nous d\u00e9tenons \u00e0 votre sujet, y compris toutes les donn\u00e9es que vous nous avez fournies. Vous pouvez \u00e9galement nous demander d\u2019effacer toutes les donn\u00e9es personnelles que nous d\u00e9tenons \u00e0 votre sujet. Cela n\u2019inclut pas les donn\u00e9es que nous sommes oblig\u00e9s de conserver \u00e0 des fins administratives, juridiques ou de s\u00e9curit\u00e9.<\/p>\n<h2 style=\"font-size: 1.3em; margin-top: 1.2em; padding: 0px;\">O\u00f9 nous envoyons vos donn\u00e9es<\/h2>\n<p>Dans cette section, vous devez dresser la liste de tous les transferts de donn\u00e9es de votre site en dehors de l\u2019Union europ\u00e9enne et d\u00e9crire les moyens par lesquels ces donn\u00e9es sont sauvegard\u00e9es conform\u00e9ment aux normes europ\u00e9ennes de protection des donn\u00e9es. Il peut s\u2019agir de votre h\u00e9bergement web, du stockage dans le cloud ou d\u2019autres services tiers.<br \/>\nLa l\u00e9gislation europ\u00e9enne sur la protection des donn\u00e9es exige que les donn\u00e9es concernant des r\u00e9sidents europ\u00e9ens qui sont transf\u00e9r\u00e9es en dehors de l\u2019Union europ\u00e9enne soient prot\u00e9g\u00e9es selon les m\u00eames normes que si les donn\u00e9es se trouvaient en Europe. Ainsi, en plus d\u2019indiquer o\u00f9 vont les donn\u00e9es, vous devez d\u00e9crire comment vous vous assurez que ces normes sont respect\u00e9es par vous-m\u00eame ou par vos fournisseurs tiers, que ce soit par le biais d\u2019un accord tel que le Privacy Shield, de clauses types dans vos contrats ou de r\u00e8gles d\u2019entreprise contraignantes.<br \/>\nTexte sugg\u00e9r\u00e9 : Les commentaires des visiteurs peuvent \u00eatre v\u00e9rifi\u00e9s par un service automatis\u00e9 de d\u00e9tection des spams.<\/p>\n<h2 style=\"font-size: 1.3em; margin-top: 1.2em; padding: 0px;\">Vos coordonn\u00e9es<\/h2>\n<p class=\"privacy-policy-tutorial\" style=\"font-size: 13px; line-height: 1.5;\">Dans cette section, vous devez indiquer une m\u00e9thode de contact pour les questions relatives \u00e0 la protection de la vie priv\u00e9e. Si vous \u00eates tenu d\u2019avoir un d\u00e9l\u00e9gu\u00e9 \u00e0 la protection des donn\u00e9es, indiquez \u00e9galement son nom et ses coordonn\u00e9es compl\u00e8tes.<\/p>\n<h2 style=\"font-size: 1.3em; margin-top: 1.2em; padding: 0px;\">Informations compl\u00e9mentaires<\/h2>\n<p class=\"privacy-policy-tutorial\" style=\"font-size: 13px; line-height: 1.5;\">Si vous utilisez votre site \u00e0 des fins commerciales et que vous vous livrez \u00e0 une collecte ou \u00e0 un traitement plus complexe de donn\u00e9es \u00e0 caract\u00e8re personnel, vous devez indiquer les informations suivantes dans votre politique de protection de la vie priv\u00e9e, en plus de celles que nous avons d\u00e9j\u00e0 \u00e9voqu\u00e9es.<\/p>\n<h3 style=\"font-size: 1.2em; margin-bottom: 0.5em;\">Comment nous prot\u00e9geons vos donn\u00e9es<\/h3>\n<p class=\"privacy-policy-tutorial\" style=\"font-size: 13px; line-height: 1.5;\">Dans cette section, vous devez expliquer les mesures que vous avez prises pour prot\u00e9ger les donn\u00e9es de vos utilisateurs. Il peut s\u2019agir de mesures techniques telles que le cryptage, de mesures de s\u00e9curit\u00e9 telles que l\u2019authentification \u00e0 deux facteurs et de mesures telles que la formation du personnel \u00e0 la protection des donn\u00e9es. Si vous avez r\u00e9alis\u00e9 une \u00e9valuation de l\u2019impact sur la vie priv\u00e9e, vous pouvez \u00e9galement la mentionner ici.<\/p>\n<h3 style=\"font-size: 1.2em; margin-bottom: 0.5em;\">Quelles sont les proc\u00e9dures mises en place en cas de violation des donn\u00e9es ?<\/h3>\n<p class=\"privacy-policy-tutorial\" style=\"font-size: 13px; line-height: 1.5;\">Dans cette section, vous devez expliquer les proc\u00e9dures que vous avez mises en place pour faire face aux violations de donn\u00e9es, qu\u2019elles soient potentielles ou r\u00e9elles, telles que les syst\u00e8mes de signalement internes, les m\u00e9canismes de contact ou les primes de d\u00e9tection de bogues.<\/p>\n<h3 style=\"font-size: 1.2em; margin-bottom: 0.5em;\">Quels sont les tiers dont nous recevons des donn\u00e9es ?<\/h3>\n<p class=\"privacy-policy-tutorial\" style=\"font-size: 13px; line-height: 1.5;\">Si votre site web re\u00e7oit des donn\u00e9es sur les utilisateurs de la part de tiers, y compris des annonceurs, ces informations doivent \u00eatre incluses dans la section de votre politique de protection de la vie priv\u00e9e consacr\u00e9e aux donn\u00e9es des tiers.<\/p>\n<h3 style=\"font-size: 1.2em; margin-bottom: 0.5em;\">Quels sont les processus d\u00e9cisionnels automatis\u00e9s et\/ou le profilage que nous effectuons avec les donn\u00e9es des utilisateurs ?<\/h3>\n<p class=\"privacy-policy-tutorial\" style=\"font-size: 13px; line-height: 1.5;\">Si votre site web fournit un service qui comprend une prise de d\u00e9cision automatis\u00e9e \u2013 par exemple, en permettant aux clients de demander un cr\u00e9dit ou en regroupant leurs donn\u00e9es dans un profil publicitaire \u2013 vous devez le signaler et inclure des informations sur la mani\u00e8re dont ces informations sont utilis\u00e9es, sur les d\u00e9cisions qui sont prises \u00e0 partir de ces donn\u00e9es regroup\u00e9es et sur les droits dont disposent les utilisateurs sur les d\u00e9cisions prises sans intervention humaine.<\/p>\n<h3 style=\"font-size: 1.2em; margin-bottom: 0.5em;\">Exigences r\u00e9glementaires en mati\u00e8re d\u2019information de l\u2019industrie<\/h3>\n<p>Si vous \u00eates membre d\u2019un secteur r\u00e9glement\u00e9 ou si vous \u00eates soumis \u00e0 des lois suppl\u00e9mentaires en mati\u00e8re de protection de la vie priv\u00e9e, vous pouvez \u00eatre tenu de divulguer ces informations ici.<br \/>\nWPML utilise des cookies pour identifier la langue actuelle du visiteur, la derni\u00e8re langue visit\u00e9e et la langue des utilisateurs qui se sont connect\u00e9s.<br \/>\nLorsque vous utilisez le plugin, WPML partage les donn\u00e9es concernant le site par l\u2019interm\u00e9diaire de l\u2019installateur. Aucune donn\u00e9e concernant l\u2019utilisateur lui-m\u00eame ne sera partag\u00e9e.<br \/>\nWPML Media Translation enverra l\u2019adresse email et le nom de chaque responsable et traducteur assign\u00e9 ainsi que le contenu lui-m\u00eame \u00e0 Advanced Translation Editor et aux services de traduction utilis\u00e9s.<br \/>\nWPML Translation Management enverra l\u2019adresse email et le nom de chaque manager et traducteur assign\u00e9 ainsi que le contenu lui-m\u00eame \u00e0 Advanced Translation Editor et aux services de traduction utilis\u00e9s.<br \/>\nWPML String Translation enverra toutes les cha\u00eenes de caract\u00e8res \u00e0 l\u2019\u00e9diteur de traduction avanc\u00e9 de WPML et aux services de traduction utilis\u00e9s.<\/p>\n<h3 style=\"font-size: 1.2em; margin-bottom: 0.5em;\">Plugin : Smush<\/h3>\n<p>Note : Smush n\u2019interagit pas avec les utilisateurs finaux de votre site web. La seule option d\u2019entr\u00e9e dont dispose Smush est l\u2019abonnement \u00e0 un bulletin d\u2019information r\u00e9serv\u00e9 aux administrateurs du site. Si vous souhaitez en informer vos utilisateurs dans votre politique de confidentialit\u00e9, vous pouvez utiliser les informations ci-dessous.<br \/>\nSmush envoie des images aux serveurs de WPMU DEV pour les optimiser en vue d\u2019une utilisation sur le web. Cela inclut le transfert des donn\u00e9es EXIF. Les donn\u00e9es EXIF seront soit supprim\u00e9es, soit renvoy\u00e9es telles quelles. Elles ne sont pas stock\u00e9es sur les serveurs de WPMU DEV.<br \/>\nSmush utilise le r\u00e9seau de diffusion de contenu (CDN) Stackpath. Stackpath peut stocker les informations du journal web des visiteurs du site, y compris les IP, UA, referrer, Location et ISP des visiteurs du site pendant 7 jours. Les fichiers et les images servis par le CDN peuvent \u00eatre stock\u00e9s et servis \u00e0 partir de pays autres que le v\u00f4tre.<br \/>\nSmush utilise un service de courrier \u00e9lectronique tiers (Drip) pour envoyer des courriers \u00e9lectroniques d\u2019information \u00e0 l\u2019administrateur du site. L\u2019adresse \u00e9lectronique de l\u2019administrateur est envoy\u00e9e \u00e0 Drip et un cookie est plac\u00e9 par le service. Seules les informations relatives \u00e0 l\u2019administrateur sont collect\u00e9es par Drip.<\/p><\/div>\n<\/div>\n<\/div>\n","protected":false},"excerpt":{"rendered":"<p>Mentions l\u00e9gales Avertissement RE\/MAX Island Properties St Barths est une agence immobili\u00e8re. Les descriptions des biens figurant sur le site sont susceptibles d&rsquo;\u00eatre modifi\u00e9es et ne peuvent \u00e0 aucun moment \u00eatre consid\u00e9r\u00e9es comme contractuelles. Les prix annonc\u00e9s n&rsquo;incluent pas la taxe d&rsquo;habitation administrative et locale. RE\/MAX Island Properties St Barths se r\u00e9serve le droit de [&hellip;]<\/p>\n","protected":false},"author":1,"featured_media":0,"parent":0,"menu_order":100,"comment_status":"closed","ping_status":"closed","template":"","meta":[],"yoast_head":"<!-- This site is optimized with the Yoast SEO plugin v18.0 - https:\/\/yoast.com\/wordpress\/plugins\/seo\/ -->\n<meta name=\"description\" content=\"REMAX St Barth votre agence de location de villas. D\u00e9couvrez notre s\u00e9lection de villas de luxe \u00e0 louer lors de votre s\u00e9jour \u00e0 St Barth.\" \/>\n<meta name=\"robots\" content=\"index, follow, max-snippet:-1, max-image-preview:large, max-video-preview:-1\" \/>\n<link rel=\"canonical\" href=\"https:\/\/remax-stbarths.com\/fr\/confidentialite-et-conditions-generales\/\" \/>\n<meta property=\"og:locale\" content=\"fr_FR\" \/>\n<meta property=\"og:type\" content=\"article\" \/>\n<meta property=\"og:title\" content=\"Confidentialit\u00e9 et conditions g\u00e9n\u00e9rales - Remax St-Barts\" \/>\n<meta property=\"og:description\" content=\"REMAX St Barth votre agence de location de villas. D\u00e9couvrez notre s\u00e9lection de villas de luxe \u00e0 louer lors de votre s\u00e9jour \u00e0 St Barth.\" \/>\n<meta property=\"og:url\" content=\"https:\/\/remax-stbarths.com\/fr\/confidentialite-et-conditions-generales\/\" \/>\n<meta property=\"og:site_name\" content=\"Remax St-Barts\" \/>\n<meta property=\"article:modified_time\" content=\"2025-02-07T10:05:55+00:00\" \/>\n<meta name=\"twitter:card\" content=\"summary_large_image\" \/>\n<meta name=\"twitter:label1\" content=\"Dur\u00e9e de lecture estim\u00e9e\" \/>\n\t<meta name=\"twitter:data1\" content=\"13 minutes\" \/>\n<script type=\"application\/ld+json\" class=\"yoast-schema-graph\">{\"@context\":\"https:\/\/schema.org\",\"@graph\":[{\"@type\":\"WebSite\",\"@id\":\"https:\/\/remax-stbarths.com\/#website\",\"url\":\"https:\/\/remax-stbarths.com\/\",\"name\":\"Remax St-Barts\",\"description\":\"St Barth Villa Rental &amp; Real Estate Specialists\",\"potentialAction\":[{\"@type\":\"SearchAction\",\"target\":{\"@type\":\"EntryPoint\",\"urlTemplate\":\"https:\/\/remax-stbarths.com\/?s={search_term_string}\"},\"query-input\":\"required name=search_term_string\"}],\"inLanguage\":\"fr-FR\"},{\"@type\":\"WebPage\",\"@id\":\"https:\/\/remax-stbarths.com\/fr\/confidentialite-et-conditions-generales\/#webpage\",\"url\":\"https:\/\/remax-stbarths.com\/fr\/confidentialite-et-conditions-generales\/\",\"name\":\"Confidentialit\u00e9 et conditions g\u00e9n\u00e9rales - Remax St-Barts\",\"isPartOf\":{\"@id\":\"https:\/\/remax-stbarths.com\/#website\"},\"datePublished\":\"2020-02-10T16:53:58+00:00\",\"dateModified\":\"2025-02-07T10:05:55+00:00\",\"description\":\"REMAX St Barth votre agence de location de villas. D\u00e9couvrez notre s\u00e9lection de villas de luxe \u00e0 louer lors de votre s\u00e9jour \u00e0 St Barth.\",\"breadcrumb\":{\"@id\":\"https:\/\/remax-stbarths.com\/fr\/confidentialite-et-conditions-generales\/#breadcrumb\"},\"inLanguage\":\"fr-FR\",\"potentialAction\":[{\"@type\":\"ReadAction\",\"target\":[\"https:\/\/remax-stbarths.com\/fr\/confidentialite-et-conditions-generales\/\"]}]},{\"@type\":\"BreadcrumbList\",\"@id\":\"https:\/\/remax-stbarths.com\/fr\/confidentialite-et-conditions-generales\/#breadcrumb\",\"itemListElement\":[{\"@type\":\"ListItem\",\"position\":1,\"name\":\"Accueil\",\"item\":\"https:\/\/remax-stbarths.com\/fr\/\"},{\"@type\":\"ListItem\",\"position\":2,\"name\":\"Confidentialit\u00e9 et conditions g\u00e9n\u00e9rales\"}]}]}<\/script>\n<!-- \/ Yoast SEO plugin. -->","yoast_head_json":{"description":"REMAX St Barth votre agence de location de villas. D\u00e9couvrez notre s\u00e9lection de villas de luxe \u00e0 louer lors de votre s\u00e9jour \u00e0 St Barth.","robots":{"index":"index","follow":"follow","max-snippet":"max-snippet:-1","max-image-preview":"max-image-preview:large","max-video-preview":"max-video-preview:-1"},"canonical":"https:\/\/remax-stbarths.com\/fr\/confidentialite-et-conditions-generales\/","og_locale":"fr_FR","og_type":"article","og_title":"Confidentialit\u00e9 et conditions g\u00e9n\u00e9rales - Remax St-Barts","og_description":"REMAX St Barth votre agence de location de villas. D\u00e9couvrez notre s\u00e9lection de villas de luxe \u00e0 louer lors de votre s\u00e9jour \u00e0 St Barth.","og_url":"https:\/\/remax-stbarths.com\/fr\/confidentialite-et-conditions-generales\/","og_site_name":"Remax St-Barts","article_modified_time":"2025-02-07T10:05:55+00:00","twitter_card":"summary_large_image","twitter_misc":{"Dur\u00e9e de lecture estim\u00e9e":"13 minutes"},"schema":{"@context":"https:\/\/schema.org","@graph":[{"@type":"WebSite","@id":"https:\/\/remax-stbarths.com\/#website","url":"https:\/\/remax-stbarths.com\/","name":"Remax St-Barts","description":"St Barth Villa Rental &amp; Real Estate Specialists","potentialAction":[{"@type":"SearchAction","target":{"@type":"EntryPoint","urlTemplate":"https:\/\/remax-stbarths.com\/?s={search_term_string}"},"query-input":"required name=search_term_string"}],"inLanguage":"fr-FR"},{"@type":"WebPage","@id":"https:\/\/remax-stbarths.com\/fr\/confidentialite-et-conditions-generales\/#webpage","url":"https:\/\/remax-stbarths.com\/fr\/confidentialite-et-conditions-generales\/","name":"Confidentialit\u00e9 et conditions g\u00e9n\u00e9rales - Remax St-Barts","isPartOf":{"@id":"https:\/\/remax-stbarths.com\/#website"},"datePublished":"2020-02-10T16:53:58+00:00","dateModified":"2025-02-07T10:05:55+00:00","description":"REMAX St Barth votre agence de location de villas. D\u00e9couvrez notre s\u00e9lection de villas de luxe \u00e0 louer lors de votre s\u00e9jour \u00e0 St Barth.","breadcrumb":{"@id":"https:\/\/remax-stbarths.com\/fr\/confidentialite-et-conditions-generales\/#breadcrumb"},"inLanguage":"fr-FR","potentialAction":[{"@type":"ReadAction","target":["https:\/\/remax-stbarths.com\/fr\/confidentialite-et-conditions-generales\/"]}]},{"@type":"BreadcrumbList","@id":"https:\/\/remax-stbarths.com\/fr\/confidentialite-et-conditions-generales\/#breadcrumb","itemListElement":[{"@type":"ListItem","position":1,"name":"Accueil","item":"https:\/\/remax-stbarths.com\/fr\/"},{"@type":"ListItem","position":2,"name":"Confidentialit\u00e9 et conditions g\u00e9n\u00e9rales"}]}]}},"_links":{"self":[{"href":"https:\/\/remax-stbarths.com\/fr\/wp-json\/wp\/v2\/pages\/41502"}],"collection":[{"href":"https:\/\/remax-stbarths.com\/fr\/wp-json\/wp\/v2\/pages"}],"about":[{"href":"https:\/\/remax-stbarths.com\/fr\/wp-json\/wp\/v2\/types\/page"}],"author":[{"embeddable":true,"href":"https:\/\/remax-stbarths.com\/fr\/wp-json\/wp\/v2\/users\/1"}],"replies":[{"embeddable":true,"href":"https:\/\/remax-stbarths.com\/fr\/wp-json\/wp\/v2\/comments?post=41502"}],"version-history":[{"count":3,"href":"https:\/\/remax-stbarths.com\/fr\/wp-json\/wp\/v2\/pages\/41502\/revisions"}],"predecessor-version":[{"id":43440,"href":"https:\/\/remax-stbarths.com\/fr\/wp-json\/wp\/v2\/pages\/41502\/revisions\/43440"}],"wp:attachment":[{"href":"https:\/\/remax-stbarths.com\/fr\/wp-json\/wp\/v2\/media?parent=41502"}],"curies":[{"name":"wp","href":"https:\/\/api.w.org\/{rel}","templated":true}]}}